{"id":8749,"date":"2023-01-17T20:37:05","date_gmt":"2023-01-18T00:37:05","guid":{"rendered":"https:\/\/esimard.com\/horaire\/le-sommeil-et-les-somniferes-ce-que-lon-na-jamais-ose-dire-andre-perreault-pharmacien\/"},"modified":"2023-01-17T20:37:05","modified_gmt":"2023-01-18T00:37:05","slug":"le-sommeil-et-les-somniferes-ce-que-lon-na-jamais-ose-dire-andre-perreault-pharmacien","status":"publish","type":"tribe_events","link":"https:\/\/esimard.com\/en\/schedule\/le-sommeil-et-les-somniferes-ce-que-lon-na-jamais-ose-dire-andre-perreault-pharmacien\/","title":{"rendered":"Le sommeil et les somnif\u00e8res; ce que l\u2019on n\u2019a jamais os\u00e9 dire \u2013 Andr\u00e9 Perreault, pharmacien"},"content":{"rendered":"<p>L&#8217;utilisation des somnif\u00e8res chimiques n&#8217;est pas sans risque. Pensons simplement \u00e0 l&#8217;augmentation des risques de d\u00e9g\u00e9n\u00e9rescence nerveuse ou de la maladie d&#8217;Alzheimer. Andr\u00e9 Perreault, pharmacien, est bien plac\u00e9 pour vous en parler. Ayant lui m\u00eame peu dormi durant toute sa vie, les conf\u00e9rences et formations sur la qualit\u00e9 du sommeil ont \u00e9t\u00e9 tr\u00e8s nombreuses durant ses 40 ans de carri\u00e8re comme pharmacien dont 38 comme pharmacien propri\u00e9taire. Il a compl\u00e9t\u00e9 8 formations sur le sommeil uniquement durant la derni\u00e8re ann\u00e9e. La science du sommeil est pour ainsi dire une passion et les risques entourant l&#8217;usage des somnif\u00e8res ne sont, \u00e0 son avis, pas suffisamment connus et discut\u00e9s avec les patients concern\u00e9s.<\/p>\n<p>Son grand int\u00e9r\u00eat pour la sant\u00e9 humaine et son ouverture d\u2019esprit l\u2019ont amen\u00e9 \u00e0 explorer l\u2019univers des m\u00e9decines douces, obtenant, en 1972, un dipl\u00f4me en massoth\u00e9rapie de l\u2019Institut de massoth\u00e9rapie de Montr\u00e9al. Puis, en 1979, il devint docteur en acupuncture \u00e0 l\u2019Institut d\u2019acupuncture du Qu\u00e9bec et en 1980 devient naturopathe et membre de l\u2019Association des naturoth\u00e9rapeutes du Qu\u00e9bec. En 2016, il obtint comme pharmacien une sp\u00e9cialisation en produits de sant\u00e9 naturels. Il fut le tout premier dipl\u00f4m\u00e9 de l\u2019Acad\u00e9mie de l\u2019Apothicaire.<\/p>\n<p>Tant\u00f4t charg\u00e9 de cours \u00e0 la facult\u00e9 de pharmacie de l\u2019Universit\u00e9 de Montr\u00e9al, tant\u00f4t ma\u00eetre de stage pour plusieurs jeunes pharmaciens, il a compl\u00e9t\u00e9 de multiples certificats sp\u00e9cialis\u00e9s sur des sujets vari\u00e9s comme la dyslipid\u00e9mie, la prise en charge de l\u2019asthme, les strat\u00e9gies sur la gestion du diab\u00e8te, l\u2019anticoaguloth\u00e9rapie ambulatoire, etc.<\/p>\n<p>Andr\u00e9 Perreault est un conf\u00e9rencier appr\u00e9ci\u00e9, sur des sujets vari\u00e9s, pour des auditoires d\u2019infirmi\u00e8res, d\u2019assistantes techniques en pharmacie et des pharmaciens. Il vous partagera durant cette conf\u00e9rence ses connaissances approfondies sur le sommeil et l&#8217;usage des somnif\u00e8res.<\/p>\n<p>Il sera accompagn\u00e9 d&#8217;Eric Simard, docteur en biologie et chercheur (www.esimard.com) pour r\u00e9pondre \u00e0 vos questions.<\/p>\n","protected":false},"excerpt":{"rendered":"<p>L&#8217;utilisation des somnif\u00e8res chimiques n&#8217;est pas sans risque. Pensons simplement \u00e0 l&#8217;augmentation des risques de d\u00e9g\u00e9n\u00e9rescence nerveuse ou de la maladie d&#8217;Alzheimer. Andr\u00e9 Perreault, pharmacien, est bien plac\u00e9 pour vous [&hellip;]<\/p>\n","protected":false},"author":1,"featured_media":0,"template":"","meta":{"_acf_changed":false,"_tribe_events_status":"","_tribe_events_status_reason":"","footnotes":""},"tags":[],"tribe_events_cat":[],"class_list":["post-8749","tribe_events","type-tribe_events","status-publish","hentry"],"acf":[],"yoast_head":"<!-- This site is optimized with the Yoast SEO plugin v27.3 - https:\/\/yoast.com\/product\/yoast-seo-wordpress\/ -->\n<title>Le sommeil et les somnif\u00e8res; ce que l\u2019on n\u2019a jamais os\u00e9 dire \u2013 Andr\u00e9 Perreault, pharmacien | Priorit\u00e9 bien vieillir - Eric Simard<\/title>\n<meta name=\"description\" content=\"L&#039;utilisation des somnif\u00e8res chimiques n&#039;est pas sans risque. Pensons simplement \u00e0 l&#039;augmentation des risques de d\u00e9g\u00e9n\u00e9rescence nerveuse ou de la maladie\" \/>\n<meta name=\"robots\" content=\"index, follow, max-snippet:-1, max-image-preview:large, max-video-preview:-1\" \/>\n<link rel=\"canonical\" href=\"https:\/\/esimard.com\/schedule\/le-sommeil-et-les-somniferes-ce-que-lon-na-jamais-ose-dire-andre-perreault-pharmacien\/\" \/>\n<meta property=\"og:locale\" content=\"en_US\" \/>\n<meta property=\"og:type\" content=\"article\" \/>\n<meta property=\"og:title\" content=\"Le sommeil et les somnif\u00e8res; ce que l\u2019on n\u2019a jamais os\u00e9 dire \u2013 Andr\u00e9 Perreault, pharmacien | Priorit\u00e9 bien vieillir - Eric Simard\" \/>\n<meta property=\"og:description\" content=\"L&#039;utilisation des somnif\u00e8res chimiques n&#039;est pas sans risque. Pensons simplement \u00e0 l&#039;augmentation des risques de d\u00e9g\u00e9n\u00e9rescence nerveuse ou de la maladie\" \/>\n<meta property=\"og:url\" content=\"https:\/\/esimard.com\/schedule\/le-sommeil-et-les-somniferes-ce-que-lon-na-jamais-ose-dire-andre-perreault-pharmacien\/\" \/>\n<meta property=\"og:site_name\" content=\"Priorit\u00e9 bien vieillir - Eric Simard\" \/>\n<meta property=\"article:publisher\" content=\"https:\/\/www.facebook.com\/649065642156416\" \/>\n<meta name=\"twitter:card\" content=\"summary_large_image\" \/>\n<meta name=\"twitter:label1\" content=\"Est. reading time\" \/>\n\t<meta name=\"twitter:data1\" content=\"2 minutes\" \/>\n<script type=\"application\/ld+json\" class=\"yoast-schema-graph\">{\"@context\":\"https:\\\/\\\/schema.org\",\"@graph\":[{\"@type\":\"WebPage\",\"@id\":\"https:\\\/\\\/esimard.com\\\/schedule\\\/le-sommeil-et-les-somniferes-ce-que-lon-na-jamais-ose-dire-andre-perreault-pharmacien\\\/\",\"url\":\"https:\\\/\\\/esimard.com\\\/schedule\\\/le-sommeil-et-les-somniferes-ce-que-lon-na-jamais-ose-dire-andre-perreault-pharmacien\\\/\",\"name\":\"Le sommeil et les somnif\u00e8res; ce que l\u2019on n\u2019a jamais os\u00e9 dire \u2013 Andr\u00e9 Perreault, pharmacien | Priorit\u00e9 bien vieillir - Eric Simard\",\"isPartOf\":{\"@id\":\"https:\\\/\\\/esimard.com\\\/#website\"},\"datePublished\":\"2023-01-18T00:37:05+00:00\",\"description\":\"L'utilisation des somnif\u00e8res chimiques n'est pas sans risque. Pensons simplement \u00e0 l'augmentation des risques de d\u00e9g\u00e9n\u00e9rescence nerveuse ou de la maladie\",\"breadcrumb\":{\"@id\":\"https:\\\/\\\/esimard.com\\\/schedule\\\/le-sommeil-et-les-somniferes-ce-que-lon-na-jamais-ose-dire-andre-perreault-pharmacien\\\/#breadcrumb\"},\"inLanguage\":\"en-US\",\"potentialAction\":[{\"@type\":\"ReadAction\",\"target\":[\"https:\\\/\\\/esimard.com\\\/schedule\\\/le-sommeil-et-les-somniferes-ce-que-lon-na-jamais-ose-dire-andre-perreault-pharmacien\\\/\"]}]},{\"@type\":\"BreadcrumbList\",\"@id\":\"https:\\\/\\\/esimard.com\\\/schedule\\\/le-sommeil-et-les-somniferes-ce-que-lon-na-jamais-ose-dire-andre-perreault-pharmacien\\\/#breadcrumb\",\"itemListElement\":[{\"@type\":\"ListItem\",\"position\":1,\"name\":\"Accueil\",\"item\":\"https:\\\/\\\/esimard.com\\\/\"},{\"@type\":\"ListItem\",\"position\":2,\"name\":\"Conferences\",\"item\":\"https:\\\/\\\/esimard.com\\\/en\\\/conference-schedule\\\/\"},{\"@type\":\"ListItem\",\"position\":3,\"name\":\"Le sommeil et les somnif\u00e8res; ce que l\u2019on n\u2019a jamais os\u00e9 dire \u2013 Andr\u00e9 Perreault, pharmacien\"}]},{\"@type\":\"WebSite\",\"@id\":\"https:\\\/\\\/esimard.com\\\/#website\",\"url\":\"https:\\\/\\\/esimard.com\\\/\",\"name\":\"Priorit\u00e9 bien vieillir - Eric Simard\",\"description\":\"Priorit\u00e9 bien vieillir\",\"potentialAction\":[{\"@type\":\"SearchAction\",\"target\":{\"@type\":\"EntryPoint\",\"urlTemplate\":\"https:\\\/\\\/esimard.com\\\/?s={search_term_string}\"},\"query-input\":{\"@type\":\"PropertyValueSpecification\",\"valueRequired\":true,\"valueName\":\"search_term_string\"}}],\"inLanguage\":\"en-US\"}]}<\/script>\n<!-- \/ Yoast SEO plugin. -->","yoast_head_json":{"title":"Le sommeil et les somnif\u00e8res; ce que l\u2019on n\u2019a jamais os\u00e9 dire \u2013 Andr\u00e9 Perreault, pharmacien | Priorit\u00e9 bien vieillir - Eric Simard","description":"L'utilisation des somnif\u00e8res chimiques n'est pas sans risque. Pensons simplement \u00e0 l'augmentation des risques de d\u00e9g\u00e9n\u00e9rescence nerveuse ou de la maladie","robots":{"index":"index","follow":"follow","max-snippet":"max-snippet:-1","max-image-preview":"max-image-preview:large","max-video-preview":"max-video-preview:-1"},"canonical":"https:\/\/esimard.com\/schedule\/le-sommeil-et-les-somniferes-ce-que-lon-na-jamais-ose-dire-andre-perreault-pharmacien\/","og_locale":"en_US","og_type":"article","og_title":"Le sommeil et les somnif\u00e8res; ce que l\u2019on n\u2019a jamais os\u00e9 dire \u2013 Andr\u00e9 Perreault, pharmacien | Priorit\u00e9 bien vieillir - Eric Simard","og_description":"L'utilisation des somnif\u00e8res chimiques n'est pas sans risque. Pensons simplement \u00e0 l'augmentation des risques de d\u00e9g\u00e9n\u00e9rescence nerveuse ou de la maladie","og_url":"https:\/\/esimard.com\/schedule\/le-sommeil-et-les-somniferes-ce-que-lon-na-jamais-ose-dire-andre-perreault-pharmacien\/","og_site_name":"Priorit\u00e9 bien vieillir - Eric Simard","article_publisher":"https:\/\/www.facebook.com\/649065642156416","twitter_card":"summary_large_image","twitter_misc":{"Est. reading time":"2 minutes"},"schema":{"@context":"https:\/\/schema.org","@graph":[{"@type":"WebPage","@id":"https:\/\/esimard.com\/schedule\/le-sommeil-et-les-somniferes-ce-que-lon-na-jamais-ose-dire-andre-perreault-pharmacien\/","url":"https:\/\/esimard.com\/schedule\/le-sommeil-et-les-somniferes-ce-que-lon-na-jamais-ose-dire-andre-perreault-pharmacien\/","name":"Le sommeil et les somnif\u00e8res; ce que l\u2019on n\u2019a jamais os\u00e9 dire \u2013 Andr\u00e9 Perreault, pharmacien | Priorit\u00e9 bien vieillir - Eric Simard","isPartOf":{"@id":"https:\/\/esimard.com\/#website"},"datePublished":"2023-01-18T00:37:05+00:00","description":"L'utilisation des somnif\u00e8res chimiques n'est pas sans risque. Pensons simplement \u00e0 l'augmentation des risques de d\u00e9g\u00e9n\u00e9rescence nerveuse ou de la maladie","breadcrumb":{"@id":"https:\/\/esimard.com\/schedule\/le-sommeil-et-les-somniferes-ce-que-lon-na-jamais-ose-dire-andre-perreault-pharmacien\/#breadcrumb"},"inLanguage":"en-US","potentialAction":[{"@type":"ReadAction","target":["https:\/\/esimard.com\/schedule\/le-sommeil-et-les-somniferes-ce-que-lon-na-jamais-ose-dire-andre-perreault-pharmacien\/"]}]},{"@type":"BreadcrumbList","@id":"https:\/\/esimard.com\/schedule\/le-sommeil-et-les-somniferes-ce-que-lon-na-jamais-ose-dire-andre-perreault-pharmacien\/#breadcrumb","itemListElement":[{"@type":"ListItem","position":1,"name":"Accueil","item":"https:\/\/esimard.com\/"},{"@type":"ListItem","position":2,"name":"Conferences","item":"https:\/\/esimard.com\/en\/conference-schedule\/"},{"@type":"ListItem","position":3,"name":"Le sommeil et les somnif\u00e8res; ce que l\u2019on n\u2019a jamais os\u00e9 dire \u2013 Andr\u00e9 Perreault, pharmacien"}]},{"@type":"WebSite","@id":"https:\/\/esimard.com\/#website","url":"https:\/\/esimard.com\/","name":"Priorit\u00e9 bien vieillir - Eric Simard","description":"Priorit\u00e9 bien vieillir","potentialAction":[{"@type":"SearchAction","target":{"@type":"EntryPoint","urlTemplate":"https:\/\/esimard.com\/?s={search_term_string}"},"query-input":{"@type":"PropertyValueSpecification","valueRequired":true,"valueName":"search_term_string"}}],"inLanguage":"en-US"}]}},"_links":{"self":[{"href":"https:\/\/esimard.com\/en\/wp-json\/wp\/v2\/tribe_events\/8749","targetHints":{"allow":["GET"]}}],"collection":[{"href":"https:\/\/esimard.com\/en\/wp-json\/wp\/v2\/tribe_events"}],"about":[{"href":"https:\/\/esimard.com\/en\/wp-json\/wp\/v2\/types\/tribe_events"}],"author":[{"embeddable":true,"href":"https:\/\/esimard.com\/en\/wp-json\/wp\/v2\/users\/1"}],"version-history":[{"count":0,"href":"https:\/\/esimard.com\/en\/wp-json\/wp\/v2\/tribe_events\/8749\/revisions"}],"wp:attachment":[{"href":"https:\/\/esimard.com\/en\/wp-json\/wp\/v2\/media?parent=8749"}],"wp:term":[{"taxonomy":"post_tag","embeddable":true,"href":"https:\/\/esimard.com\/en\/wp-json\/wp\/v2\/tags?post=8749"},{"taxonomy":"tribe_events_cat","embeddable":true,"href":"https:\/\/esimard.com\/en\/wp-json\/wp\/v2\/tribe_events_cat?post=8749"}],"curies":[{"name":"wp","href":"https:\/\/api.w.org\/{rel}","templated":true}]}}