{"id":8835,"date":"2023-07-29T16:23:33","date_gmt":"2023-07-29T20:23:33","guid":{"rendered":"https:\/\/esimard.com\/horaire\/inflammation-sante-cognitive-sante-cardiovasculaire-et-douleurs-chroniques-les-protocoles-doptimisation-en-sante-integrative-eric-simard-ph-d-chercheur\/"},"modified":"2023-07-29T16:23:33","modified_gmt":"2023-07-29T20:23:33","slug":"inflammation-sante-cognitive-sante-cardiovasculaire-et-douleurs-chroniques-les-protocoles-doptimisation-en-sante-integrative-eric-simard-ph-d-chercheur","status":"publish","type":"tribe_events","link":"https:\/\/esimard.com\/en\/schedule\/inflammation-sante-cognitive-sante-cardiovasculaire-et-douleurs-chroniques-les-protocoles-doptimisation-en-sante-integrative-eric-simard-ph-d-chercheur\/","title":{"rendered":"Inflammation, sant\u00e9 cognitive, sant\u00e9 cardiovasculaire et douleurs chroniques : les protocoles d\u2019optimisation en sant\u00e9 int\u00e9grative. Eric Simard, Ph.D. Chercheur"},"content":{"rendered":"<p>Beaucoup de gens prennent des suppl\u00e9ments sans y relier leurs besoins ou encore les prioriser en fonction de leurs conditions. Cette conf\u00e9rence pr\u00e9sentera plusieurs aspects \u00e0 consid\u00e9rer afin d\u2019optimiser le b\u00e9n\u00e9fices potentiels de votre prise de suppl\u00e9ments. Ces aspects peuvent \u00eatre directement reli\u00e9s :<\/p>\n<ul>\n<li>au probl\u00e8me vis\u00e9 (comme prendre Vitoli Articulations pour les douleurs chroniques), ou<\/li>\n<li>\u00e0 des facettes apparent\u00e9es (comme r\u00e9duire l\u2019inflammation en douleur chronique par la prise de doses th\u00e9rapeutiques d\u2019om\u00e9ga-3), ou encore,<\/li>\n<li>\u00e0 des cercles vicieux reli\u00e9s (comme les probl\u00e8mes de sommeil qui accentuent la douleur ressentie).<\/li>\n<\/ul>\n<p>Cette conf\u00e9rence pr\u00e9sentera les interrelations les plus importantes \u00e0 consid\u00e9rer pour diff\u00e9rentes facettes de sant\u00e9. Afin d\u2019optimiser votre sant\u00e9, il est int\u00e9ressant d\u2019en tenir compte pour faire un choix \u00e9clair\u00e9 des suppl\u00e9ments qui sont les plus importants pour vous.<\/p>\n<p>Votre conf\u00e9rencier est bien plac\u00e9 pour vous en parler. Il a \u00e9t\u00e9 Vice-pr\u00e9sident science et d\u00e9veloppement d\u2019une entreprise internationale d\u2019om\u00e9ga-3, apr\u00e8s avoir \u00e9t\u00e9 Vice-pr\u00e9sident science et d\u00e9veloppement de Bio-K+ et Pr\u00e9sident du Comit\u00e9 consultatif du Conseil de recherche en science naturelle et en g\u00e9nie du Canada, le bureau du Qu\u00e9bec, pendant plus de 10 ans. Il est pr\u00e9sident de l\u2019entreprise Idunn Technologies, sp\u00e9cialis\u00e9e dans la long\u00e9vit\u00e9 cellulaire, qui commercialise les suppl\u00e9ments Vitoli et BASE. Eric Simard est aussi Pr\u00e9sident de l\u2019Association professionnelle pour la sant\u00e9 int\u00e9grative. Il sera disponible pour r\u00e9pondre \u00e0 toutes vos questions.<\/p>\n","protected":false},"excerpt":{"rendered":"<p>Beaucoup de gens prennent des suppl\u00e9ments sans y relier leurs besoins ou encore les prioriser en fonction de leurs conditions. Cette conf\u00e9rence pr\u00e9sentera plusieurs aspects \u00e0 consid\u00e9rer afin d\u2019optimiser le [&hellip;]<\/p>\n","protected":false},"author":1,"featured_media":0,"template":"","meta":{"_acf_changed":false,"_tribe_events_status":"","_tribe_events_status_reason":"","footnotes":""},"tags":[],"tribe_events_cat":[],"class_list":["post-8835","tribe_events","type-tribe_events","status-publish","hentry"],"acf":[],"yoast_head":"<!-- This site is optimized with the Yoast SEO plugin v27.3 - https:\/\/yoast.com\/product\/yoast-seo-wordpress\/ -->\n<title>Inflammation, sant\u00e9 cognitive, sant\u00e9 cardiovasculaire et douleurs chroniques : les protocoles d\u2019optimisation en sant\u00e9 int\u00e9grative. Eric Simard, Ph.D. Chercheur | Priorit\u00e9 bien vieillir - Eric Simard<\/title>\n<meta name=\"description\" content=\"Beaucoup de gens prennent des suppl\u00e9ments sans y relier leurs besoins ou encore les prioriser en fonction de leurs conditions. Cette conf\u00e9rence pr\u00e9sentera\" \/>\n<meta name=\"robots\" content=\"index, follow, max-snippet:-1, max-image-preview:large, max-video-preview:-1\" \/>\n<link rel=\"canonical\" href=\"https:\/\/esimard.com\/schedule\/inflammation-sante-cognitive-sante-cardiovasculaire-et-douleurs-chroniques-les-protocoles-doptimisation-en-sante-integrative-eric-simard-ph-d-chercheur\/\" \/>\n<meta property=\"og:locale\" content=\"en_US\" \/>\n<meta property=\"og:type\" content=\"article\" \/>\n<meta property=\"og:title\" content=\"Inflammation, sant\u00e9 cognitive, sant\u00e9 cardiovasculaire et douleurs chroniques : les protocoles d\u2019optimisation en sant\u00e9 int\u00e9grative. Eric Simard, Ph.D. Chercheur | Priorit\u00e9 bien vieillir - Eric Simard\" \/>\n<meta property=\"og:description\" content=\"Beaucoup de gens prennent des suppl\u00e9ments sans y relier leurs besoins ou encore les prioriser en fonction de leurs conditions. Cette conf\u00e9rence pr\u00e9sentera\" \/>\n<meta property=\"og:url\" content=\"https:\/\/esimard.com\/schedule\/inflammation-sante-cognitive-sante-cardiovasculaire-et-douleurs-chroniques-les-protocoles-doptimisation-en-sante-integrative-eric-simard-ph-d-chercheur\/\" \/>\n<meta property=\"og:site_name\" content=\"Priorit\u00e9 bien vieillir - Eric Simard\" \/>\n<meta property=\"article:publisher\" content=\"https:\/\/www.facebook.com\/649065642156416\" \/>\n<meta name=\"twitter:card\" content=\"summary_large_image\" \/>\n<meta name=\"twitter:label1\" content=\"Est. reading time\" \/>\n\t<meta name=\"twitter:data1\" content=\"1 minute\" \/>\n<script type=\"application\/ld+json\" class=\"yoast-schema-graph\">{\"@context\":\"https:\\\/\\\/schema.org\",\"@graph\":[{\"@type\":\"WebPage\",\"@id\":\"https:\\\/\\\/esimard.com\\\/schedule\\\/inflammation-sante-cognitive-sante-cardiovasculaire-et-douleurs-chroniques-les-protocoles-doptimisation-en-sante-integrative-eric-simard-ph-d-chercheur\\\/\",\"url\":\"https:\\\/\\\/esimard.com\\\/schedule\\\/inflammation-sante-cognitive-sante-cardiovasculaire-et-douleurs-chroniques-les-protocoles-doptimisation-en-sante-integrative-eric-simard-ph-d-chercheur\\\/\",\"name\":\"Inflammation, sant\u00e9 cognitive, sant\u00e9 cardiovasculaire et douleurs chroniques : les protocoles d\u2019optimisation en sant\u00e9 int\u00e9grative. Eric Simard, Ph.D. Chercheur | Priorit\u00e9 bien vieillir - Eric Simard\",\"isPartOf\":{\"@id\":\"https:\\\/\\\/esimard.com\\\/#website\"},\"datePublished\":\"2023-07-29T20:23:33+00:00\",\"description\":\"Beaucoup de gens prennent des suppl\u00e9ments sans y relier leurs besoins ou encore les prioriser en fonction de leurs conditions. Cette conf\u00e9rence pr\u00e9sentera\",\"breadcrumb\":{\"@id\":\"https:\\\/\\\/esimard.com\\\/schedule\\\/inflammation-sante-cognitive-sante-cardiovasculaire-et-douleurs-chroniques-les-protocoles-doptimisation-en-sante-integrative-eric-simard-ph-d-chercheur\\\/#breadcrumb\"},\"inLanguage\":\"en-US\",\"potentialAction\":[{\"@type\":\"ReadAction\",\"target\":[\"https:\\\/\\\/esimard.com\\\/schedule\\\/inflammation-sante-cognitive-sante-cardiovasculaire-et-douleurs-chroniques-les-protocoles-doptimisation-en-sante-integrative-eric-simard-ph-d-chercheur\\\/\"]}]},{\"@type\":\"BreadcrumbList\",\"@id\":\"https:\\\/\\\/esimard.com\\\/schedule\\\/inflammation-sante-cognitive-sante-cardiovasculaire-et-douleurs-chroniques-les-protocoles-doptimisation-en-sante-integrative-eric-simard-ph-d-chercheur\\\/#breadcrumb\",\"itemListElement\":[{\"@type\":\"ListItem\",\"position\":1,\"name\":\"Accueil\",\"item\":\"https:\\\/\\\/esimard.com\\\/\"},{\"@type\":\"ListItem\",\"position\":2,\"name\":\"Conferences\",\"item\":\"https:\\\/\\\/esimard.com\\\/en\\\/conference-schedule\\\/\"},{\"@type\":\"ListItem\",\"position\":3,\"name\":\"Inflammation, sant\u00e9 cognitive, sant\u00e9 cardiovasculaire et douleurs chroniques : les protocoles d\u2019optimisation en sant\u00e9 int\u00e9grative. Eric Simard, Ph.D. Chercheur\"}]},{\"@type\":\"WebSite\",\"@id\":\"https:\\\/\\\/esimard.com\\\/#website\",\"url\":\"https:\\\/\\\/esimard.com\\\/\",\"name\":\"Priorit\u00e9 bien vieillir - Eric Simard\",\"description\":\"Priorit\u00e9 bien vieillir\",\"potentialAction\":[{\"@type\":\"SearchAction\",\"target\":{\"@type\":\"EntryPoint\",\"urlTemplate\":\"https:\\\/\\\/esimard.com\\\/?s={search_term_string}\"},\"query-input\":{\"@type\":\"PropertyValueSpecification\",\"valueRequired\":true,\"valueName\":\"search_term_string\"}}],\"inLanguage\":\"en-US\"}]}<\/script>\n<!-- \/ Yoast SEO plugin. -->","yoast_head_json":{"title":"Inflammation, sant\u00e9 cognitive, sant\u00e9 cardiovasculaire et douleurs chroniques : les protocoles d\u2019optimisation en sant\u00e9 int\u00e9grative. Eric Simard, Ph.D. Chercheur | Priorit\u00e9 bien vieillir - Eric Simard","description":"Beaucoup de gens prennent des suppl\u00e9ments sans y relier leurs besoins ou encore les prioriser en fonction de leurs conditions. Cette conf\u00e9rence pr\u00e9sentera","robots":{"index":"index","follow":"follow","max-snippet":"max-snippet:-1","max-image-preview":"max-image-preview:large","max-video-preview":"max-video-preview:-1"},"canonical":"https:\/\/esimard.com\/schedule\/inflammation-sante-cognitive-sante-cardiovasculaire-et-douleurs-chroniques-les-protocoles-doptimisation-en-sante-integrative-eric-simard-ph-d-chercheur\/","og_locale":"en_US","og_type":"article","og_title":"Inflammation, sant\u00e9 cognitive, sant\u00e9 cardiovasculaire et douleurs chroniques : les protocoles d\u2019optimisation en sant\u00e9 int\u00e9grative. Eric Simard, Ph.D. Chercheur | Priorit\u00e9 bien vieillir - Eric Simard","og_description":"Beaucoup de gens prennent des suppl\u00e9ments sans y relier leurs besoins ou encore les prioriser en fonction de leurs conditions. Cette conf\u00e9rence pr\u00e9sentera","og_url":"https:\/\/esimard.com\/schedule\/inflammation-sante-cognitive-sante-cardiovasculaire-et-douleurs-chroniques-les-protocoles-doptimisation-en-sante-integrative-eric-simard-ph-d-chercheur\/","og_site_name":"Priorit\u00e9 bien vieillir - Eric Simard","article_publisher":"https:\/\/www.facebook.com\/649065642156416","twitter_card":"summary_large_image","twitter_misc":{"Est. reading time":"1 minute"},"schema":{"@context":"https:\/\/schema.org","@graph":[{"@type":"WebPage","@id":"https:\/\/esimard.com\/schedule\/inflammation-sante-cognitive-sante-cardiovasculaire-et-douleurs-chroniques-les-protocoles-doptimisation-en-sante-integrative-eric-simard-ph-d-chercheur\/","url":"https:\/\/esimard.com\/schedule\/inflammation-sante-cognitive-sante-cardiovasculaire-et-douleurs-chroniques-les-protocoles-doptimisation-en-sante-integrative-eric-simard-ph-d-chercheur\/","name":"Inflammation, sant\u00e9 cognitive, sant\u00e9 cardiovasculaire et douleurs chroniques : les protocoles d\u2019optimisation en sant\u00e9 int\u00e9grative. Eric Simard, Ph.D. Chercheur | Priorit\u00e9 bien vieillir - Eric Simard","isPartOf":{"@id":"https:\/\/esimard.com\/#website"},"datePublished":"2023-07-29T20:23:33+00:00","description":"Beaucoup de gens prennent des suppl\u00e9ments sans y relier leurs besoins ou encore les prioriser en fonction de leurs conditions. Cette conf\u00e9rence pr\u00e9sentera","breadcrumb":{"@id":"https:\/\/esimard.com\/schedule\/inflammation-sante-cognitive-sante-cardiovasculaire-et-douleurs-chroniques-les-protocoles-doptimisation-en-sante-integrative-eric-simard-ph-d-chercheur\/#breadcrumb"},"inLanguage":"en-US","potentialAction":[{"@type":"ReadAction","target":["https:\/\/esimard.com\/schedule\/inflammation-sante-cognitive-sante-cardiovasculaire-et-douleurs-chroniques-les-protocoles-doptimisation-en-sante-integrative-eric-simard-ph-d-chercheur\/"]}]},{"@type":"BreadcrumbList","@id":"https:\/\/esimard.com\/schedule\/inflammation-sante-cognitive-sante-cardiovasculaire-et-douleurs-chroniques-les-protocoles-doptimisation-en-sante-integrative-eric-simard-ph-d-chercheur\/#breadcrumb","itemListElement":[{"@type":"ListItem","position":1,"name":"Accueil","item":"https:\/\/esimard.com\/"},{"@type":"ListItem","position":2,"name":"Conferences","item":"https:\/\/esimard.com\/en\/conference-schedule\/"},{"@type":"ListItem","position":3,"name":"Inflammation, sant\u00e9 cognitive, sant\u00e9 cardiovasculaire et douleurs chroniques : les protocoles d\u2019optimisation en sant\u00e9 int\u00e9grative. Eric Simard, Ph.D. Chercheur"}]},{"@type":"WebSite","@id":"https:\/\/esimard.com\/#website","url":"https:\/\/esimard.com\/","name":"Priorit\u00e9 bien vieillir - Eric Simard","description":"Priorit\u00e9 bien vieillir","potentialAction":[{"@type":"SearchAction","target":{"@type":"EntryPoint","urlTemplate":"https:\/\/esimard.com\/?s={search_term_string}"},"query-input":{"@type":"PropertyValueSpecification","valueRequired":true,"valueName":"search_term_string"}}],"inLanguage":"en-US"}]}},"_links":{"self":[{"href":"https:\/\/esimard.com\/en\/wp-json\/wp\/v2\/tribe_events\/8835","targetHints":{"allow":["GET"]}}],"collection":[{"href":"https:\/\/esimard.com\/en\/wp-json\/wp\/v2\/tribe_events"}],"about":[{"href":"https:\/\/esimard.com\/en\/wp-json\/wp\/v2\/types\/tribe_events"}],"author":[{"embeddable":true,"href":"https:\/\/esimard.com\/en\/wp-json\/wp\/v2\/users\/1"}],"version-history":[{"count":0,"href":"https:\/\/esimard.com\/en\/wp-json\/wp\/v2\/tribe_events\/8835\/revisions"}],"wp:attachment":[{"href":"https:\/\/esimard.com\/en\/wp-json\/wp\/v2\/media?parent=8835"}],"wp:term":[{"taxonomy":"post_tag","embeddable":true,"href":"https:\/\/esimard.com\/en\/wp-json\/wp\/v2\/tags?post=8835"},{"taxonomy":"tribe_events_cat","embeddable":true,"href":"https:\/\/esimard.com\/en\/wp-json\/wp\/v2\/tribe_events_cat?post=8835"}],"curies":[{"name":"wp","href":"https:\/\/api.w.org\/{rel}","templated":true}]}}