{"id":8878,"date":"2023-12-17T16:27:26","date_gmt":"2023-12-17T20:27:26","guid":{"rendered":"https:\/\/esimard.com\/horaire\/ton-medecin-ne-te-guerira-pas-sebastien-perron-md-interniste\/"},"modified":"2023-12-17T16:27:26","modified_gmt":"2023-12-17T20:27:26","slug":"ton-medecin-ne-te-guerira-pas-sebastien-perron-md-interniste","status":"publish","type":"tribe_events","link":"https:\/\/esimard.com\/en\/schedule\/ton-medecin-ne-te-guerira-pas-sebastien-perron-md-interniste\/","title":{"rendered":"Ton m\u00e9decin ne te gu\u00e9rira pas. S\u00e9bastien Perron, MD, Interniste."},"content":{"rendered":"<p>Entretien avec S\u00e9bastien Perron au sujet de son livre. S\u00e9bastien Perron est un jeune m\u00e9decin dynamique, sp\u00e9cialiste en m\u00e9decine interne qui pratique depuis 15 ans. Charg\u00e9 d\u2019enseignement clinique \u00e0 l\u2019Universit\u00e9 de Montr\u00e9al, il est \u00e9galement un conf\u00e9rencier, reconnu pour son sens de l\u2019humour, son franc-parler et ses aptitudes exceptionnelles \u00e0 vulgariser les concepts les plus complexes.<\/p>\n<p>La m\u00e9decine nous permet de vivre plus vieux qu\u2019avant, mais pas n\u00e9cessairement moins malades. Comment vivre plus longtemps sans tra\u00eener des maladies chroniques comme des boulets jusqu\u2019\u00e0 notre dernier souffle?<\/p>\n<p>Contrairement \u00e0 la croyance populaire, la plupart des maladies ne peuvent pas \u00eatre gu\u00e9ries. Bref, quand le diagnostic tombe, il accompagne le malade jusqu\u2019\u00e0 la fin de ses jours \u2013 tout comme les pilules qui viennent avec! Pourtant, les probl\u00e8mes de sant\u00e9 chroniques qui nous empoisonnent l\u2019existence \u00e9taient quasi inexistants il y a moins d\u2019un si\u00e8cle. Qu\u2019est-ce qui a chang\u00e9?<\/p>\n<p>Cette conf\u00e9rence sous forme d\u2019entretien vous permettra de d\u00e9couvrir le m\u00e9decin derri\u00e8re ce livre, mais surtout, l\u2019homme qui dit avec passion qu&#8217;il faut agir bien avant d&#8217;entendre parler de maladie. Il sera disponible pour vos questions.<\/p>\n","protected":false},"excerpt":{"rendered":"<p>Entretien avec S\u00e9bastien Perron au sujet de son livre. S\u00e9bastien Perron est un jeune m\u00e9decin dynamique, sp\u00e9cialiste en m\u00e9decine interne qui pratique depuis 15 ans. Charg\u00e9 d\u2019enseignement clinique \u00e0 l\u2019Universit\u00e9 [&hellip;]<\/p>\n","protected":false},"author":1,"featured_media":0,"template":"","meta":{"_acf_changed":false,"_tribe_events_status":"","_tribe_events_status_reason":"","footnotes":""},"tags":[],"tribe_events_cat":[],"class_list":["post-8878","tribe_events","type-tribe_events","status-publish","hentry"],"acf":[],"yoast_head":"<!-- This site is optimized with the Yoast SEO plugin v27.3 - https:\/\/yoast.com\/product\/yoast-seo-wordpress\/ -->\n<title>Ton m\u00e9decin ne te gu\u00e9rira pas. S\u00e9bastien Perron, MD, Interniste. | Priorit\u00e9 bien vieillir - Eric Simard<\/title>\n<meta name=\"description\" content=\"Entretien avec S\u00e9bastien Perron au sujet de son livre. S\u00e9bastien Perron est un jeune m\u00e9decin dynamique, sp\u00e9cialiste en m\u00e9decine interne qui pratique\" \/>\n<meta name=\"robots\" content=\"index, follow, max-snippet:-1, max-image-preview:large, max-video-preview:-1\" \/>\n<link rel=\"canonical\" href=\"https:\/\/esimard.com\/schedule\/ton-medecin-ne-te-guerira-pas-sebastien-perron-md-interniste\/\" \/>\n<meta property=\"og:locale\" content=\"en_US\" \/>\n<meta property=\"og:type\" content=\"article\" \/>\n<meta property=\"og:title\" content=\"Ton m\u00e9decin ne te gu\u00e9rira pas. S\u00e9bastien Perron, MD, Interniste. | Priorit\u00e9 bien vieillir - Eric Simard\" \/>\n<meta property=\"og:description\" content=\"Entretien avec S\u00e9bastien Perron au sujet de son livre. S\u00e9bastien Perron est un jeune m\u00e9decin dynamique, sp\u00e9cialiste en m\u00e9decine interne qui pratique\" \/>\n<meta property=\"og:url\" content=\"https:\/\/esimard.com\/schedule\/ton-medecin-ne-te-guerira-pas-sebastien-perron-md-interniste\/\" \/>\n<meta property=\"og:site_name\" content=\"Priorit\u00e9 bien vieillir - Eric Simard\" \/>\n<meta property=\"article:publisher\" content=\"https:\/\/www.facebook.com\/649065642156416\" \/>\n<meta name=\"twitter:card\" content=\"summary_large_image\" \/>\n<meta name=\"twitter:label1\" content=\"Est. reading time\" \/>\n\t<meta name=\"twitter:data1\" content=\"1 minute\" \/>\n<script type=\"application\/ld+json\" class=\"yoast-schema-graph\">{\"@context\":\"https:\\\/\\\/schema.org\",\"@graph\":[{\"@type\":\"WebPage\",\"@id\":\"https:\\\/\\\/esimard.com\\\/schedule\\\/ton-medecin-ne-te-guerira-pas-sebastien-perron-md-interniste\\\/\",\"url\":\"https:\\\/\\\/esimard.com\\\/schedule\\\/ton-medecin-ne-te-guerira-pas-sebastien-perron-md-interniste\\\/\",\"name\":\"Ton m\u00e9decin ne te gu\u00e9rira pas. S\u00e9bastien Perron, MD, Interniste. | Priorit\u00e9 bien vieillir - Eric Simard\",\"isPartOf\":{\"@id\":\"https:\\\/\\\/esimard.com\\\/#website\"},\"datePublished\":\"2023-12-17T20:27:26+00:00\",\"description\":\"Entretien avec S\u00e9bastien Perron au sujet de son livre. S\u00e9bastien Perron est un jeune m\u00e9decin dynamique, sp\u00e9cialiste en m\u00e9decine interne qui pratique\",\"breadcrumb\":{\"@id\":\"https:\\\/\\\/esimard.com\\\/schedule\\\/ton-medecin-ne-te-guerira-pas-sebastien-perron-md-interniste\\\/#breadcrumb\"},\"inLanguage\":\"en-US\",\"potentialAction\":[{\"@type\":\"ReadAction\",\"target\":[\"https:\\\/\\\/esimard.com\\\/schedule\\\/ton-medecin-ne-te-guerira-pas-sebastien-perron-md-interniste\\\/\"]}]},{\"@type\":\"BreadcrumbList\",\"@id\":\"https:\\\/\\\/esimard.com\\\/schedule\\\/ton-medecin-ne-te-guerira-pas-sebastien-perron-md-interniste\\\/#breadcrumb\",\"itemListElement\":[{\"@type\":\"ListItem\",\"position\":1,\"name\":\"Accueil\",\"item\":\"https:\\\/\\\/esimard.com\\\/\"},{\"@type\":\"ListItem\",\"position\":2,\"name\":\"Conferences\",\"item\":\"https:\\\/\\\/esimard.com\\\/en\\\/conference-schedule\\\/\"},{\"@type\":\"ListItem\",\"position\":3,\"name\":\"Ton m\u00e9decin ne te gu\u00e9rira pas. S\u00e9bastien Perron, MD, Interniste.\"}]},{\"@type\":\"WebSite\",\"@id\":\"https:\\\/\\\/esimard.com\\\/#website\",\"url\":\"https:\\\/\\\/esimard.com\\\/\",\"name\":\"Priorit\u00e9 bien vieillir - Eric Simard\",\"description\":\"Priorit\u00e9 bien vieillir\",\"potentialAction\":[{\"@type\":\"SearchAction\",\"target\":{\"@type\":\"EntryPoint\",\"urlTemplate\":\"https:\\\/\\\/esimard.com\\\/?s={search_term_string}\"},\"query-input\":{\"@type\":\"PropertyValueSpecification\",\"valueRequired\":true,\"valueName\":\"search_term_string\"}}],\"inLanguage\":\"en-US\"}]}<\/script>\n<!-- \/ Yoast SEO plugin. -->","yoast_head_json":{"title":"Ton m\u00e9decin ne te gu\u00e9rira pas. S\u00e9bastien Perron, MD, Interniste. | Priorit\u00e9 bien vieillir - Eric Simard","description":"Entretien avec S\u00e9bastien Perron au sujet de son livre. S\u00e9bastien Perron est un jeune m\u00e9decin dynamique, sp\u00e9cialiste en m\u00e9decine interne qui pratique","robots":{"index":"index","follow":"follow","max-snippet":"max-snippet:-1","max-image-preview":"max-image-preview:large","max-video-preview":"max-video-preview:-1"},"canonical":"https:\/\/esimard.com\/schedule\/ton-medecin-ne-te-guerira-pas-sebastien-perron-md-interniste\/","og_locale":"en_US","og_type":"article","og_title":"Ton m\u00e9decin ne te gu\u00e9rira pas. S\u00e9bastien Perron, MD, Interniste. | Priorit\u00e9 bien vieillir - Eric Simard","og_description":"Entretien avec S\u00e9bastien Perron au sujet de son livre. S\u00e9bastien Perron est un jeune m\u00e9decin dynamique, sp\u00e9cialiste en m\u00e9decine interne qui pratique","og_url":"https:\/\/esimard.com\/schedule\/ton-medecin-ne-te-guerira-pas-sebastien-perron-md-interniste\/","og_site_name":"Priorit\u00e9 bien vieillir - Eric Simard","article_publisher":"https:\/\/www.facebook.com\/649065642156416","twitter_card":"summary_large_image","twitter_misc":{"Est. reading time":"1 minute"},"schema":{"@context":"https:\/\/schema.org","@graph":[{"@type":"WebPage","@id":"https:\/\/esimard.com\/schedule\/ton-medecin-ne-te-guerira-pas-sebastien-perron-md-interniste\/","url":"https:\/\/esimard.com\/schedule\/ton-medecin-ne-te-guerira-pas-sebastien-perron-md-interniste\/","name":"Ton m\u00e9decin ne te gu\u00e9rira pas. S\u00e9bastien Perron, MD, Interniste. | Priorit\u00e9 bien vieillir - Eric Simard","isPartOf":{"@id":"https:\/\/esimard.com\/#website"},"datePublished":"2023-12-17T20:27:26+00:00","description":"Entretien avec S\u00e9bastien Perron au sujet de son livre. S\u00e9bastien Perron est un jeune m\u00e9decin dynamique, sp\u00e9cialiste en m\u00e9decine interne qui pratique","breadcrumb":{"@id":"https:\/\/esimard.com\/schedule\/ton-medecin-ne-te-guerira-pas-sebastien-perron-md-interniste\/#breadcrumb"},"inLanguage":"en-US","potentialAction":[{"@type":"ReadAction","target":["https:\/\/esimard.com\/schedule\/ton-medecin-ne-te-guerira-pas-sebastien-perron-md-interniste\/"]}]},{"@type":"BreadcrumbList","@id":"https:\/\/esimard.com\/schedule\/ton-medecin-ne-te-guerira-pas-sebastien-perron-md-interniste\/#breadcrumb","itemListElement":[{"@type":"ListItem","position":1,"name":"Accueil","item":"https:\/\/esimard.com\/"},{"@type":"ListItem","position":2,"name":"Conferences","item":"https:\/\/esimard.com\/en\/conference-schedule\/"},{"@type":"ListItem","position":3,"name":"Ton m\u00e9decin ne te gu\u00e9rira pas. S\u00e9bastien Perron, MD, Interniste."}]},{"@type":"WebSite","@id":"https:\/\/esimard.com\/#website","url":"https:\/\/esimard.com\/","name":"Priorit\u00e9 bien vieillir - Eric Simard","description":"Priorit\u00e9 bien vieillir","potentialAction":[{"@type":"SearchAction","target":{"@type":"EntryPoint","urlTemplate":"https:\/\/esimard.com\/?s={search_term_string}"},"query-input":{"@type":"PropertyValueSpecification","valueRequired":true,"valueName":"search_term_string"}}],"inLanguage":"en-US"}]}},"_links":{"self":[{"href":"https:\/\/esimard.com\/en\/wp-json\/wp\/v2\/tribe_events\/8878","targetHints":{"allow":["GET"]}}],"collection":[{"href":"https:\/\/esimard.com\/en\/wp-json\/wp\/v2\/tribe_events"}],"about":[{"href":"https:\/\/esimard.com\/en\/wp-json\/wp\/v2\/types\/tribe_events"}],"author":[{"embeddable":true,"href":"https:\/\/esimard.com\/en\/wp-json\/wp\/v2\/users\/1"}],"version-history":[{"count":0,"href":"https:\/\/esimard.com\/en\/wp-json\/wp\/v2\/tribe_events\/8878\/revisions"}],"wp:attachment":[{"href":"https:\/\/esimard.com\/en\/wp-json\/wp\/v2\/media?parent=8878"}],"wp:term":[{"taxonomy":"post_tag","embeddable":true,"href":"https:\/\/esimard.com\/en\/wp-json\/wp\/v2\/tags?post=8878"},{"taxonomy":"tribe_events_cat","embeddable":true,"href":"https:\/\/esimard.com\/en\/wp-json\/wp\/v2\/tribe_events_cat?post=8878"}],"curies":[{"name":"wp","href":"https:\/\/api.w.org\/{rel}","templated":true}]}}